{"id":1201,"date":"2025-03-12T12:29:05","date_gmt":"2025-03-12T12:29:05","guid":{"rendered":"https:\/\/rspcom-e1aklfz9e9.live-website.com\/declaration-de-confidentialite-pour-les-partenaires-commerciaux\/"},"modified":"2026-03-19T16:55:49","modified_gmt":"2026-03-19T16:55:49","slug":"declaration-de-confidentialite-pour-les-partenaires-commerciaux","status":"publish","type":"page","link":"https:\/\/www.rsp.com\/fr\/declaration-de-confidentialite-pour-les-partenaires-commerciaux\/","title":{"rendered":"D\u00e9claration de confidentialit\u00e9 pour les partenaires commerciaux"},"content":{"rendered":"\t\t<div data-elementor-type=\"wp-page\" data-elementor-id=\"1201\" class=\"elementor elementor-1201 elementor-951\" data-elementor-post-type=\"page\">\n\t\t\t\t<div class=\"elementor-element elementor-element-cfaf234 e-flex e-con-boxed e-con e-parent\" data-id=\"cfaf234\" data-element_type=\"container\" data-e-type=\"container\">\n\t\t\t\t\t<div class=\"e-con-inner\">\n\t\t\t\t<div class=\"elementor-element elementor-element-50d8533 elementor-widget elementor-widget-heading\" data-id=\"50d8533\" data-element_type=\"widget\" data-e-type=\"widget\" data-widget_type=\"heading.default\">\n\t\t\t\t<div class=\"elementor-widget-container\">\n\t\t\t\t\t<h1 class=\"elementor-heading-title elementor-size-default\">D\u00e9claration de confidentialit\u00e9 pour les partenaires commerciaux<\/h1>\t\t\t\t<\/div>\n\t\t\t\t<\/div>\n\t\t\t\t<div class=\"elementor-element elementor-element-b319eaf elementor-widget elementor-widget-heading\" data-id=\"b319eaf\" data-element_type=\"widget\" data-e-type=\"widget\" data-widget_type=\"heading.default\">\n\t\t\t\t<div class=\"elementor-widget-container\">\n\t\t\t\t\t<h2 class=\"elementor-heading-title elementor-size-default\">Informations sur la protection des donn\u00e9es de RSP GmbH &amp; Co. KG pour les partenaires commerciaux<\/h2>\t\t\t\t<\/div>\n\t\t\t\t<\/div>\n\t\t\t\t<div class=\"elementor-element elementor-element-b9010a8 elementor-widget elementor-widget-text-editor\" data-id=\"b9010a8\" data-element_type=\"widget\" data-e-type=\"widget\" data-widget_type=\"text-editor.default\">\n\t\t\t\t<div class=\"elementor-widget-container\">\n\t\t\t\t\t\t\t\t\t<p>Derni\u00e8re mise \u00e0 jour : ao\u00fbt 2023<\/p><p>La pr\u00e9sente d\u00e9claration de confidentialit\u00e9 vous explique comment les entreprises du groupe RSP (ci-apr\u00e8s \u00e9galement \u00ab\u00a0nous\u00a0\u00bb) traitent vos donn\u00e9es \u00e0 caract\u00e8re personnel. Les entreprises du groupe RSP se conforment ainsi aux obligations d&rsquo;information l\u00e9gales conform\u00e9ment aux articles 12 \u00e0 14 du R\u00e8glement g\u00e9n\u00e9ral sur la protection des donn\u00e9es (RGPD) de l&rsquo;UE. <\/p><p>En outre, nous vous informons ci-dessous du traitement de vos donn\u00e9es \u00e0 caract\u00e8re personnel en rapport avec<\/p><ul><li>avec la relation contractuelle de votre employeur avec nous ou<\/li><li>avec notre relation contractuelle, si vous deviez \u00eatre directement notre partenaire contractuel en tant que commer\u00e7ant individuel, par exemple.<\/li><\/ul>\t\t\t\t\t\t\t\t<\/div>\n\t\t\t\t<\/div>\n\t\t\t\t<div class=\"elementor-element elementor-element-a5f583d elementor-widget elementor-widget-heading\" data-id=\"a5f583d\" data-element_type=\"widget\" data-e-type=\"widget\" data-widget_type=\"heading.default\">\n\t\t\t\t<div class=\"elementor-widget-container\">\n\t\t\t\t\t<h2 class=\"elementor-heading-title elementor-size-default\">1. responsable au sens de la l\u00e9gislation sur la protection des donn\u00e9es<\/h2>\t\t\t\t<\/div>\n\t\t\t\t<\/div>\n\t\t\t\t<div class=\"elementor-element elementor-element-af19b04 elementor-widget elementor-widget-text-editor\" data-id=\"af19b04\" data-element_type=\"widget\" data-e-type=\"widget\" data-widget_type=\"text-editor.default\">\n\t\t\t\t<div class=\"elementor-widget-container\">\n\t\t\t\t\t\t\t\t\t<p>Le responsable au sens du R\u00e8glement g\u00e9n\u00e9ral sur la protection des donn\u00e9es (RGPD) est RSP GmbH &amp; Co. KG, Zum Silberstollen 10, 07318 Saalfeld\/Saale, Allemagne ou l&rsquo;entreprise li\u00e9e \u00e0 RSP GmbH &amp; Co. KG avec laquelle vous \u00eates en contact. Vous trouverez d&rsquo;autres coordonn\u00e9es sur www.rsp-germany.com. <\/p>\t\t\t\t\t\t\t\t<\/div>\n\t\t\t\t<\/div>\n\t\t\t\t<div class=\"elementor-element elementor-element-238efdb elementor-widget elementor-widget-heading\" data-id=\"238efdb\" data-element_type=\"widget\" data-e-type=\"widget\" data-widget_type=\"heading.default\">\n\t\t\t\t<div class=\"elementor-widget-container\">\n\t\t\t\t\t<h2 class=\"elementor-heading-title elementor-size-default\">2. pourquoi traitons-nous vos donn\u00e9es (finalit\u00e9 du traitement) et sur quelle base juridique ?<\/h2>\t\t\t\t<\/div>\n\t\t\t\t<\/div>\n\t\t\t\t<div class=\"elementor-element elementor-element-2c2efce elementor-widget elementor-widget-text-editor\" data-id=\"2c2efce\" data-element_type=\"widget\" data-e-type=\"widget\" data-widget_type=\"text-editor.default\">\n\t\t\t\t<div class=\"elementor-widget-container\">\n\t\t\t\t\t\t\t\t\t<p>Nous collectons, utilisons et stockons vos donn\u00e9es personnelles aux fins d\u00e9crites ci-dessous.  <\/p><p>a. Traitement de vos donn\u00e9es sur la base d&rsquo;obligations contractuelles ou de mesures pr\u00e9contractuelles (article 6, paragraphe 1, point b) du RGPD) <br>Nous traitons vos donn\u00e9es afin de conclure, d&rsquo;ex\u00e9cuter ou de r\u00e9silier un contrat avec vous ou votre employeur. Ces donn\u00e9es sont notamment les suivantes <\/p><ul><li>votre nom,<\/li><li>Votre adresse professionnelle,<\/li><li>vos coordonn\u00e9es professionnelles, telles que votre num\u00e9ro de t\u00e9l\u00e9phone et votre adresse \u00e9lectronique, ainsi que la correspondance et l&rsquo;accord contractuel avec nous,<\/li><li>M\u00e9triques de performance : par exemple, les informations qui nous permettent d&rsquo;\u00e9valuer la performance du fournisseur, y compris le personnel du fournisseur.<\/li><\/ul><p>Si vous \u00eates vous-m\u00eame notre partenaire contractuel, nous collectons d&rsquo;autres donn\u00e9es vous concernant, comme par exemple<\/p><ul><li>Vos coordonn\u00e9es bancaires.<\/li><\/ul><p>Si nous n&rsquo;avons pas obtenu les donn\u00e9es susmentionn\u00e9es de votre part, elles proviennent de sources accessibles au public. Nous ne vendrons pas vos donn\u00e9es personnelles \u00e0 des tiers et ne les commercialiserons pas d&rsquo;une autre mani\u00e8re. <\/p><p>b. Traitement de vos donn\u00e9es sur la base d&rsquo;un \u00e9quilibre des int\u00e9r\u00eats (article 6, paragraphe 1, point f) du RGPD), dans la mesure o\u00f9 vos int\u00e9r\u00eats l\u00e9gitimes ne pr\u00e9valent pas sur nos int\u00e9r\u00eats commerciaux l\u00e9gitimes.<\/p><p>Si vous \u00eates vous-m\u00eame notre partenaire contractuel, nous effectuons, sous certaines conditions, une proc\u00e9dure de pr\u00e9qualification lors de l&rsquo;\u00e9tablissement de relations contractuelles.<\/p><p>Nous d\u00e9terminons alors si nous pouvons entrer en relation d&rsquo;affaires avec vous en tenant compte des dispositions de la loi sur le blanchiment d&rsquo;argent, des listes de sanctions de l&rsquo;UE conform\u00e9ment aux r\u00e8glements europ\u00e9ens 2580\/2001 et 881\/2002.<\/p><p>Pour la consultation et l&rsquo;\u00e9change de donn\u00e9es avec les agences d&rsquo;\u00e9valuation du cr\u00e9dit ainsi que pour la d\u00e9termination des risques de solvabilit\u00e9 ou de d\u00e9faillance, nous demandons des renseignements sur les caract\u00e9ristiques li\u00e9es \u00e0 la solvabilit\u00e9 aupr\u00e8s des agences d&rsquo;\u00e9valuation du cr\u00e9dit avant la conclusion du contrat.  <\/p><p>En outre, nous traitons vos donn\u00e9es pour prot\u00e9ger nos int\u00e9r\u00eats l\u00e9gitimes ou ceux d&rsquo;un tiers, pour ou contre le traitement des donn\u00e9es \u00e0 caract\u00e8re personnel.<\/p><ul><li>prot\u00e9ger nos int\u00e9r\u00eats commerciaux l\u00e9gitimes et nos droits l\u00e9gaux. Cela inclut, mais n&rsquo;est pas limit\u00e9 \u00e0, l&rsquo;utilisation dans le cadre de r\u00e9clamations l\u00e9gales, r\u00e9glementaires, d&rsquo;audit, d&rsquo;enqu\u00eate (y compris la divulgation de telles informations dans le cadre de proc\u00e9dures judiciaires, de cas d&rsquo;assurance, ou de litiges) et de rapports de conformit\u00e9, <\/li><li>g\u00e9rer les performances et assurer la s\u00e9curit\u00e9 de nos \u00e9quipements, installations et plateformes \u00e9lectroniques, y compris les mesures de sauvegarde des donn\u00e9es et de contr\u00f4le de la protection des donn\u00e9es,<\/li><li>Pr\u00e9venir et \u00e9lucider les d\u00e9lits,<\/li><li>Vid\u00e9osurveillance pour le respect du droit d&rsquo;\u00e9tablissement, pour la collecte de preuves,  <\/li><li>la s\u00e9curit\u00e9 des b\u00e2timents et des installations (par exemple, les contr\u00f4les d&rsquo;acc\u00e8s),<\/li><li>Gestion des affaires,<\/li><li>Accueil dans la maison via notre \u00e9cran de bienvenue,<\/li><li>vous fournir des informations sur nos produits, services, offres ou d\u00e9veloppements techniques (marketing direct) que vous nous demandez en tant que notre partenaire commercial ou dont nous pensons qu&rsquo;elles pourraient vous int\u00e9resser, dans la mesure o\u00f9 la loi le permet,<\/li><li>si vous avez indiqu\u00e9 une pr\u00e9f\u00e9rence en mati\u00e8re de communications marketing, ou encore pour pouvoir traiter les demandes de suivi, afin d&rsquo;am\u00e9liorer notre service,<\/li><li>ou toute autre correspondance.<\/li><\/ul><p>\u00c0 des fins de gestion interne, les donn\u00e9es personnelles sont \u00e9galement divulgu\u00e9es \u00e0 d&rsquo;autres entreprises li\u00e9es \u00e0 RSP GmbH &amp; Co. KG dans la mesure o\u00f9 cela est n\u00e9cessaire.<\/p>\t\t\t\t\t\t\t\t<\/div>\n\t\t\t\t<\/div>\n\t\t\t\t<div class=\"elementor-element elementor-element-03eaaac elementor-widget elementor-widget-heading\" data-id=\"03eaaac\" data-element_type=\"widget\" data-e-type=\"widget\" data-widget_type=\"heading.default\">\n\t\t\t\t<div class=\"elementor-widget-container\">\n\t\t\t\t\t<h2 class=\"elementor-heading-title elementor-size-default\">3. ai-je l'obligation de fournir des donn\u00e9es ?<\/h2>\t\t\t\t<\/div>\n\t\t\t\t<\/div>\n\t\t\t\t<div class=\"elementor-element elementor-element-6047e86 elementor-widget elementor-widget-text-editor\" data-id=\"6047e86\" data-element_type=\"widget\" data-e-type=\"widget\" data-widget_type=\"text-editor.default\">\n\t\t\t\t<div class=\"elementor-widget-container\">\n\t\t\t\t\t\t\t\t\t<p>Vous devez fournir les donn\u00e9es \u00e0 caract\u00e8re personnel qui sont n\u00e9cessaires \u00e0 la conclusion et \u00e0 l&rsquo;ex\u00e9cution du contrat et \u00e0 l&rsquo;ex\u00e9cution des obligations contractuelles y aff\u00e9rentes ou que nous sommes l\u00e9galement tenus de collecter. Sans ces donn\u00e9es, nous devrons g\u00e9n\u00e9ralement refuser de conclure un contrat ou ne pas pouvoir ex\u00e9cuter un contrat existant et, le cas \u00e9ch\u00e9ant, y mettre fin. <\/p>\t\t\t\t\t\t\t\t<\/div>\n\t\t\t\t<\/div>\n\t\t\t\t<div class=\"elementor-element elementor-element-d86f2f0 elementor-widget elementor-widget-heading\" data-id=\"d86f2f0\" data-element_type=\"widget\" data-e-type=\"widget\" data-widget_type=\"heading.default\">\n\t\t\t\t<div class=\"elementor-widget-container\">\n\t\t\t\t\t<h2 class=\"elementor-heading-title elementor-size-default\">4. \u00e0 qui vos donn\u00e9es seront-elles transmises ?<\/h2>\t\t\t\t<\/div>\n\t\t\t\t<\/div>\n\t\t\t\t<div class=\"elementor-element elementor-element-ca19a3e elementor-widget elementor-widget-text-editor\" data-id=\"ca19a3e\" data-element_type=\"widget\" data-e-type=\"widget\" data-widget_type=\"text-editor.default\">\n\t\t\t\t<div class=\"elementor-widget-container\">\n\t\t\t\t\t\t\t\t\t<p>Au sein des entreprises li\u00e9es \u00e0 RSP GmbH &amp; Co. KG, les services qui ont acc\u00e8s \u00e0 vos donn\u00e9es sont ceux qui en ont besoin pour remplir leurs obligations contractuelles et l\u00e9gales ou pour coordonner nos prestations en interne, par exemple les services centraux d&rsquo;achat, de vente, de marketing et de service client.<\/p><p>Les prestataires de services et les agents que nous employons peuvent \u00e9galement recevoir des donn\u00e9es \u00e0 ces fins. Il s&rsquo;agit entre autres d&rsquo;entreprises dans les cat\u00e9gories des services informatiques, de la logistique, des services d&rsquo;impression, des t\u00e9l\u00e9communications, de la facturation et du recouvrement. <\/p><p>En ce qui concerne la transmission de donn\u00e9es \u00e0 d&rsquo;autres destinataires, il convient tout d&rsquo;abord de noter que nous ne transmettons que les donn\u00e9es personnelles n\u00e9cessaires, dans le respect des dispositions applicables en mati\u00e8re de protection des donn\u00e9es. Nous ne pouvons en principe transmettre les donn\u00e9es personnelles de nos partenaires commerciaux que si des dispositions l\u00e9gales l&rsquo;exigent, si la personne concern\u00e9e a donn\u00e9 son accord ou si nous sommes autoris\u00e9s \u00e0 les transmettre d&rsquo;une autre mani\u00e8re. Dans ces conditions, les destinataires des donn\u00e9es \u00e0 caract\u00e8re personnel peuvent \u00eatre par exemple  <\/p><ul><li>Organismes et institutions publics (par exemple, autorit\u00e9s fiscales, autorit\u00e9s charg\u00e9es de l&rsquo;application de la loi) en cas d&rsquo;obligation l\u00e9gale ou r\u00e9glementaire,<\/li><li>Cr\u00e9anciers ou administrateurs judiciaires qui demandent des informations dans le cadre d&rsquo;une ex\u00e9cution forc\u00e9e,<\/li><li>Expert-comptable,<\/li><li>les prestataires de services auxquels nous faisons appel dans le cadre de contrats de sous-traitance,<\/li><li>Fournisseurs auxquels nous divulguons des informations sur les fournisseurs ou les distributeurs dans le cadre de l&rsquo;examen des normes, de la r\u00e9vision des listes de sanctions et des certifications.<\/li><li>autres partenaires commerciaux.<\/li><\/ul><p>Dans tous les cas susmentionn\u00e9s, nous veillons \u00e0 ce que les destinataires n&rsquo;aient acc\u00e8s \u00e0 vos donn\u00e9es personnelles que dans la mesure o\u00f9 cela est n\u00e9cessaire \u00e0 l&rsquo;ex\u00e9cution des diff\u00e9rentes t\u00e2ches.<\/p>\t\t\t\t\t\t\t\t<\/div>\n\t\t\t\t<\/div>\n\t\t\t\t<div class=\"elementor-element elementor-element-927fa9d elementor-widget elementor-widget-heading\" data-id=\"927fa9d\" data-element_type=\"widget\" data-e-type=\"widget\" data-widget_type=\"heading.default\">\n\t\t\t\t<div class=\"elementor-widget-container\">\n\t\t\t\t\t<h2 class=\"elementor-heading-title elementor-size-default\">5. transferts de donn\u00e9es vers des pays tiers<\/h2>\t\t\t\t<\/div>\n\t\t\t\t<\/div>\n\t\t\t\t<div class=\"elementor-element elementor-element-f792d89 elementor-widget elementor-widget-text-editor\" data-id=\"f792d89\" data-element_type=\"widget\" data-e-type=\"widget\" data-widget_type=\"text-editor.default\">\n\t\t\t\t<div class=\"elementor-widget-container\">\n\t\t\t\t\t\t\t\t\t<p>Un transfert de donn\u00e9es vers des pays en dehors de l&rsquo;UE (appel\u00e9s pays tiers) a lieu<\/p><ul><li>si notre relation d&rsquo;affaires et en particulier l&rsquo;objet du contrat n\u00e9cessite l&rsquo;implication d&rsquo;une entreprise li\u00e9e \u00e0 RSP GmbH &amp; Co. KG ou de partenaires commerciaux dont le si\u00e8ge est situ\u00e9 en dehors de l&rsquo;UE ;<\/li><li>ou dans la mesure o\u00f9 la loi l&rsquo;exige ;<\/li><li>ou si cela est n\u00e9cessaire \u00e0 la constatation, \u00e0 l&rsquo;exercice ou \u00e0 la d\u00e9fense d&rsquo;un droit en justice ;<\/li><li>ou si vous nous avez donn\u00e9 votre consentement \u00e0 cet effet.<\/li><\/ul><p>Le traitement de vos donn\u00e9es dans un pays tiers peut \u00e9galement \u00eatre li\u00e9 \u00e0 l&rsquo;intervention de prestataires de services dans le cadre d&rsquo;un traitement de commande. Dans la mesure o\u00f9 le pays concern\u00e9 ne dispose pas d&rsquo;une d\u00e9cision de la Commission europ\u00e9enne relative \u00e0 un niveau de protection des donn\u00e9es appropri\u00e9, nous garantissons, conform\u00e9ment aux directives de l&rsquo;UE en mati\u00e8re de protection des donn\u00e9es, que vos droits et libert\u00e9s sont prot\u00e9g\u00e9s et garantis par des contrats correspondants. Nous vous fournirons des informations d\u00e9taill\u00e9es \u00e0 ce sujet sur demande. Des informations sur les garanties appropri\u00e9es ou ad\u00e9quates et sur la possibilit\u00e9 d&rsquo;en obtenir une copie peuvent \u00eatre obtenues sur demande aupr\u00e8s de notre d\u00e9l\u00e9gu\u00e9 \u00e0 la protection des donn\u00e9es.   <\/p><p>Dans les cas o\u00f9 il n&rsquo;existe pas de d\u00e9cision de la Commission europ\u00e9enne relative \u00e0 un niveau de protection des donn\u00e9es ad\u00e9quat dans un pays tiers et o\u00f9 le transfert vers ce pays est n\u00e9cessaire \u00e0 l&rsquo;ex\u00e9cution d&rsquo;un contrat que nous avons conclu dans votre int\u00e9r\u00eat avec un tiers, les dispositions exceptionnelles de l&rsquo;article 49, paragraphe 1, point c) du RGPD s&rsquo;appliquent. Si le transfert sert \u00e0 la pr\u00e9paration ou \u00e0 l&rsquo;ex\u00e9cution d&rsquo;un contrat avec vous, les dispositions exceptionnelles de l&rsquo;article 49, paragraphe 1, point b) du RGPD s&rsquo;appliquent.     <\/p>\t\t\t\t\t\t\t\t<\/div>\n\t\t\t\t<\/div>\n\t\t\t\t<div class=\"elementor-element elementor-element-7068229 elementor-widget elementor-widget-heading\" data-id=\"7068229\" data-element_type=\"widget\" data-e-type=\"widget\" data-widget_type=\"heading.default\">\n\t\t\t\t<div class=\"elementor-widget-container\">\n\t\t\t\t\t<h2 class=\"elementor-heading-title elementor-size-default\">6. combien de temps conservons-nous vos donn\u00e9es ?<\/h2>\t\t\t\t<\/div>\n\t\t\t\t<\/div>\n\t\t\t\t<div class=\"elementor-element elementor-element-dd19e82 elementor-widget elementor-widget-text-editor\" data-id=\"dd19e82\" data-element_type=\"widget\" data-e-type=\"widget\" data-widget_type=\"text-editor.default\">\n\t\t\t\t<div class=\"elementor-widget-container\">\n\t\t\t\t\t\t\t\t\t<p>Pour les employ\u00e9s de nos partenaires contractuels : <br>Les donn\u00e9es personnelles que votre employeur nous a confi\u00e9es sont conserv\u00e9es par nos soins et utilis\u00e9es dans le but de passer d&rsquo;\u00e9ventuelles commandes suppl\u00e9mentaires aupr\u00e8s de votre employeur jusqu&rsquo;\u00e0 ce que votre employeur ou nous-m\u00eames ne soyons plus int\u00e9ress\u00e9s par la poursuite de notre relation commerciale.<\/p><p>Si vous devenez vous-m\u00eame partie contractante : <br>Apr\u00e8s la fin de la relation contractuelle, nous conserverons les donn\u00e9es pertinentes pour cette relation contractuelle pendant la dur\u00e9e des obligations l\u00e9gales de conservation et les supprimerons \u00e0 l&rsquo;expiration de cette p\u00e9riode. Font exception les donn\u00e9es personnelles que vous nous avez transmises, que nous conservons et utilisons dans le but d&rsquo;effectuer d&rsquo;\u00e9ventuelles commandes suppl\u00e9mentaires de notre part jusqu&rsquo;\u00e0 ce que vous ou nous ne soyons plus int\u00e9ress\u00e9s par une nouvelle relation commerciale. Vous nous informerez s&rsquo;il n&rsquo;y a plus d&rsquo;int\u00e9r\u00eat \u00e0 poursuivre une relation commerciale avec nous.  <\/p>\t\t\t\t\t\t\t\t<\/div>\n\t\t\t\t<\/div>\n\t\t\t\t<div class=\"elementor-element elementor-element-67e1d69 elementor-widget elementor-widget-heading\" data-id=\"67e1d69\" data-element_type=\"widget\" data-e-type=\"widget\" data-widget_type=\"heading.default\">\n\t\t\t\t<div class=\"elementor-widget-container\">\n\t\t\t\t\t<h2 class=\"elementor-heading-title elementor-size-default\">7. d\u00e9cisions automatis\u00e9es<\/h2>\t\t\t\t<\/div>\n\t\t\t\t<\/div>\n\t\t\t\t<div class=\"elementor-element elementor-element-62846e6 elementor-widget elementor-widget-text-editor\" data-id=\"62846e6\" data-element_type=\"widget\" data-e-type=\"widget\" data-widget_type=\"text-editor.default\">\n\t\t\t\t<div class=\"elementor-widget-container\">\n\t\t\t\t\t\t\t\t\t<p>Nous traitons en partie les donn\u00e9es personnelles de mani\u00e8re automatis\u00e9e dans le but d&rsquo;\u00e9valuer certains aspects personnels (profilage). Nous utilisons le profilage, par exemple, dans les cas suivants : <\/p><ul><li>En vertu des dispositions l\u00e9gales et r\u00e9glementaires, nous sommes tenus de lutter contre le financement du terrorisme. Dans ce cadre, des analyses de donn\u00e9es vous concernant sont \u00e9galement effectu\u00e9es. Ces mesures visent \u00e9galement \u00e0 vous prot\u00e9ger.  <\/li><li>Dans le cadre de l&rsquo;\u00e9valuation de la solvabilit\u00e9 de nos partenaires contractuels, nous utilisons le scoring. Il s&rsquo;agit de calculer la probabilit\u00e9 qu&rsquo;une partie contractante remplisse ses obligations contractuelles. Le calcul peut tenir compte, par exemple, des revenus, des d\u00e9penses, des dettes existantes, de l&rsquo;exp\u00e9rience acquise dans le cadre des relations commerciales ant\u00e9rieures, des remboursements contractuels de cr\u00e9dits ant\u00e9rieurs ainsi que des informations fournies par les agences d&rsquo;\u00e9valuation du cr\u00e9dit. Le scoring repose sur une m\u00e9thode math\u00e9matique et statistique reconnue et \u00e9prouv\u00e9e. Les valeurs de score calcul\u00e9es nous aident \u00e0 prendre des d\u00e9cisions dans le cadre de la conclusion de contrats et sont prises en compte dans la gestion des risques en cours.    <\/li><\/ul>\t\t\t\t\t\t\t\t<\/div>\n\t\t\t\t<\/div>\n\t\t\t\t<div class=\"elementor-element elementor-element-1fca399 elementor-widget elementor-widget-heading\" data-id=\"1fca399\" data-element_type=\"widget\" data-e-type=\"widget\" data-widget_type=\"heading.default\">\n\t\t\t\t<div class=\"elementor-widget-container\">\n\t\t\t\t\t<h2 class=\"elementor-heading-title elementor-size-default\">8. quels sont vos droits ?<\/h2>\t\t\t\t<\/div>\n\t\t\t\t<\/div>\n\t\t\t\t<div class=\"elementor-element elementor-element-268d1c8 elementor-widget elementor-widget-text-editor\" data-id=\"268d1c8\" data-element_type=\"widget\" data-e-type=\"widget\" data-widget_type=\"text-editor.default\">\n\t\t\t\t<div class=\"elementor-widget-container\">\n\t\t\t\t\t\t\t\t\t<p>En ce qui concerne le traitement de vos donn\u00e9es personnelles par nos soins, vous avez le droit d&rsquo;\u00eatre inform\u00e9 conform\u00e9ment \u00e0 l&rsquo;article 15 du RGPD, le droit de rectification conform\u00e9ment \u00e0 l&rsquo;article 16 du RGPD, le droit d&rsquo;effacement conform\u00e9ment \u00e0 l&rsquo;article 17 du RGPD, le droit de limitation du traitement conform\u00e9ment \u00e0 l&rsquo;article 18 du RGPD, le droit d&rsquo;opposition conform\u00e9ment \u00e0 l&rsquo;article 21 du RGPD et le droit \u00e0 la portabilit\u00e9 des donn\u00e9es conform\u00e9ment \u00e0 l&rsquo;article 20 du RGPD. En ce qui concerne le droit d&rsquo;acc\u00e8s et le droit d&rsquo;effacement, les restrictions pr\u00e9vues par les articles 34 et 35 de la BDSG s&rsquo;appliquent. En outre, il existe un droit de recours aupr\u00e8s d&rsquo;une autorit\u00e9 de surveillance de la protection des donn\u00e9es conform\u00e9ment \u00e0 l&rsquo;article 77 du RGPD en relation avec l&rsquo;article 19 de la BDSG. <br>Ces droits peuvent \u00eatre limit\u00e9s, par exemple, si votre demande r\u00e9v\u00e8le des donn\u00e9es personnelles sur une autre personne ou si vous nous demandez de supprimer des informations qui sont prescrites par la loi ou si nous pouvons d\u00e9montrer des int\u00e9r\u00eats l\u00e9gitimes imp\u00e9rieux.     <\/p>\t\t\t\t\t\t\t\t<\/div>\n\t\t\t\t<\/div>\n\t\t\t\t<div class=\"elementor-element elementor-element-c223aaf elementor-widget elementor-widget-heading\" data-id=\"c223aaf\" data-element_type=\"widget\" data-e-type=\"widget\" data-widget_type=\"heading.default\">\n\t\t\t\t<div class=\"elementor-widget-container\">\n\t\t\t\t\t<h3 class=\"elementor-heading-title elementor-size-default\">Information sur votre droit d'opposition conform\u00e9ment \u00e0 l'article 21 du r\u00e8glement g\u00e9n\u00e9ral sur la protection des donn\u00e9es (RGPD) de l'UE<\/h3>\t\t\t\t<\/div>\n\t\t\t\t<\/div>\n\t\t\t\t<div class=\"elementor-element elementor-element-4a9088b elementor-widget elementor-widget-text-editor\" data-id=\"4a9088b\" data-element_type=\"widget\" data-e-type=\"widget\" data-widget_type=\"text-editor.default\">\n\t\t\t\t<div class=\"elementor-widget-container\">\n\t\t\t\t\t\t\t\t\t<p><strong>1. droit d&rsquo;opposition au cas par cas<\/strong><\/p><p>Vous avez le droit de vous opposer \u00e0 tout moment, pour des raisons tenant \u00e0 votre situation particuli\u00e8re, au traitement des donn\u00e9es \u00e0 caract\u00e8re personnel vous concernant, effectu\u00e9 sur la base de l&rsquo;article 6, paragraphe 1, point e), du RGPD (traitement des donn\u00e9es dans l&rsquo;int\u00e9r\u00eat public) et de l&rsquo;article 6, paragraphe 1, point f), du RGPD (traitement des donn\u00e9es sur la base d&rsquo;une mise en balance des int\u00e9r\u00eats) ; cela s&rsquo;applique \u00e9galement au profilage fond\u00e9 sur cette disposition au sens de l&rsquo;article 4, paragraphe 4, du RGPD.     <\/p><p>Si vous vous y opposez, nous ne traiterons plus vos donn\u00e9es \u00e0 caract\u00e8re personnel, \u00e0 moins que nous puissions d\u00e9montrer qu&rsquo;il existe des motifs l\u00e9gitimes et imp\u00e9rieux pour le traitement qui pr\u00e9valent sur vos int\u00e9r\u00eats, droits et libert\u00e9s, ou que le traitement sert \u00e0 faire valoir, exercer ou d\u00e9fendre des droits en justice.<\/p><p><strong>2. droit d&rsquo;opposition au traitement des donn\u00e9es \u00e0 des fins de prospection commerciale<\/strong><\/p><p>Dans certains cas, nous traitons vos donn\u00e9es personnelles \u00e0 des fins de publicit\u00e9 directe. Vous avez le droit de vous opposer \u00e0 tout moment au traitement des donn\u00e9es \u00e0 caract\u00e8re personnel vous concernant \u00e0 des fins de prospection commerciale ; cela s&rsquo;applique \u00e9galement au profilage dans la mesure o\u00f9 il est li\u00e9 \u00e0 cette prospection commerciale directe. <\/p><p>Si vous vous opposez au traitement \u00e0 des fins de publicit\u00e9 directe, nous ne traiterons plus vos donn\u00e9es personnelles \u00e0 ces fins.<\/p><p>Vous pouvez \u00e0 tout moment r\u00e9voquer cette autorisation, sans frais et \u00e9galement pour le canal de communication concern\u00e9, en l&rsquo;adressant s\u00e9par\u00e9ment et avec effet aux donn\u00e9es de contact susmentionn\u00e9es, sans que cela n&rsquo;entra\u00eene d&rsquo;autres frais que les frais de transmission selon les tarifs de base.  <\/p>\t\t\t\t\t\t\t\t<\/div>\n\t\t\t\t<\/div>\n\t\t\t\t<div class=\"elementor-element elementor-element-2062e7b elementor-widget elementor-widget-heading\" data-id=\"2062e7b\" data-element_type=\"widget\" data-e-type=\"widget\" data-widget_type=\"heading.default\">\n\t\t\t\t<div class=\"elementor-widget-container\">\n\t\t\t\t\t<h2 class=\"elementor-heading-title elementor-size-default\">9. contact<\/h2>\t\t\t\t<\/div>\n\t\t\t\t<\/div>\n\t\t\t\t<div class=\"elementor-element elementor-element-af5a44b elementor-widget elementor-widget-text-editor\" data-id=\"af5a44b\" data-element_type=\"widget\" data-e-type=\"widget\" data-widget_type=\"text-editor.default\">\n\t\t\t\t<div class=\"elementor-widget-container\">\n\t\t\t\t\t\t\t\t\t<p>Si vous avez des questions concernant cette d\u00e9claration de confidentialit\u00e9, veuillez contacter le responsable de la protection des donn\u00e9es.<\/p><p>Vous pouvez contacter notre responsable de la protection des donn\u00e9es du groupe par e-mail \u00e0 l&rsquo;adresse <a href=\"mailto:datenschutz@rsp-germany.com\">datenschutz@rsp-germany.com.<\/a><\/p>\t\t\t\t\t\t\t\t<\/div>\n\t\t\t\t<\/div>\n\t\t\t\t\t<\/div>\n\t\t\t\t<\/div>\n\t\t\t\t<\/div>\n\t\t","protected":false},"excerpt":{"rendered":"<p>D\u00e9claration de confidentialit\u00e9 pour les partenaires commerciaux Informations sur la protection des donn\u00e9es de RSP GmbH &amp; Co. KG pour les partenaires commerciaux Derni\u00e8re mise \u00e0 jour : ao\u00fbt 2023 La pr\u00e9sente d\u00e9claration de confidentialit\u00e9 vous explique comment les entreprises du groupe RSP (ci-apr\u00e8s \u00e9galement \u00ab\u00a0nous\u00a0\u00bb) traitent vos donn\u00e9es \u00e0 caract\u00e8re personnel. Les entreprises du [&hellip;]<\/p>\n","protected":false},"author":1,"featured_media":0,"parent":0,"menu_order":0,"comment_status":"closed","ping_status":"closed","template":"","meta":{"_acf_changed":false,"footnotes":""},"class_list":["post-1201","page","type-page","status-publish","hentry"],"acf":[],"yoast_head":"<!-- This site is optimized with the Yoast SEO Premium plugin v26.9 (Yoast SEO v27.5) - https:\/\/yoast.com\/product\/yoast-seo-premium-wordpress\/ -->\n<title>D\u00e9claration de confidentialit\u00e9 pour les partenaires commerciaux - RSP<\/title>\n<meta name=\"robots\" content=\"index, follow, max-snippet:-1, max-image-preview:large, max-video-preview:-1\" \/>\n<link rel=\"canonical\" href=\"https:\/\/www.rsp.com\/fr\/declaration-de-confidentialite-pour-les-partenaires-commerciaux\/\" \/>\n<meta property=\"og:locale\" content=\"fr_FR\" \/>\n<meta property=\"og:type\" content=\"article\" \/>\n<meta property=\"og:title\" content=\"D\u00e9claration de confidentialit\u00e9 pour les partenaires commerciaux\" \/>\n<meta property=\"og:description\" content=\"D\u00e9claration de confidentialit\u00e9 pour les partenaires commerciaux Informations sur la protection des donn\u00e9es de RSP GmbH &amp; Co. KG pour les partenaires commerciaux Derni\u00e8re mise \u00e0 jour : ao\u00fbt 2023 La pr\u00e9sente d\u00e9claration de confidentialit\u00e9 vous explique comment les entreprises du groupe RSP (ci-apr\u00e8s \u00e9galement \u00ab\u00a0nous\u00a0\u00bb) traitent vos donn\u00e9es \u00e0 caract\u00e8re personnel. Les entreprises du [&hellip;]\" \/>\n<meta property=\"og:url\" content=\"https:\/\/www.rsp.com\/fr\/declaration-de-confidentialite-pour-les-partenaires-commerciaux\/\" \/>\n<meta property=\"og:site_name\" content=\"RSP\" \/>\n<meta property=\"article:publisher\" content=\"http:\/\/www.facebook.com\/saugbagger\" \/>\n<meta property=\"article:modified_time\" content=\"2026-03-19T16:55:49+00:00\" \/>\n<meta name=\"twitter:card\" content=\"summary_large_image\" \/>\n<meta name=\"twitter:label1\" content=\"Dur\u00e9e de lecture estim\u00e9e\" \/>\n\t<meta name=\"twitter:data1\" content=\"12 minutes\" \/>\n<script type=\"application\/ld+json\" class=\"yoast-schema-graph\">{\"@context\":\"https:\\\/\\\/schema.org\",\"@graph\":[{\"@type\":\"WebPage\",\"@id\":\"https:\\\/\\\/www.rsp.com\\\/fr\\\/declaration-de-confidentialite-pour-les-partenaires-commerciaux\\\/\",\"url\":\"https:\\\/\\\/www.rsp.com\\\/fr\\\/declaration-de-confidentialite-pour-les-partenaires-commerciaux\\\/\",\"name\":\"D\u00e9claration de confidentialit\u00e9 pour les partenaires commerciaux - RSP\",\"isPartOf\":{\"@id\":\"https:\\\/\\\/www.rsp.com\\\/fr\\\/#website\"},\"datePublished\":\"2025-03-12T12:29:05+00:00\",\"dateModified\":\"2026-03-19T16:55:49+00:00\",\"breadcrumb\":{\"@id\":\"https:\\\/\\\/www.rsp.com\\\/fr\\\/declaration-de-confidentialite-pour-les-partenaires-commerciaux\\\/#breadcrumb\"},\"inLanguage\":\"fr-FR\",\"potentialAction\":[{\"@type\":\"ReadAction\",\"target\":[\"https:\\\/\\\/www.rsp.com\\\/fr\\\/declaration-de-confidentialite-pour-les-partenaires-commerciaux\\\/\"]}]},{\"@type\":\"BreadcrumbList\",\"@id\":\"https:\\\/\\\/www.rsp.com\\\/fr\\\/declaration-de-confidentialite-pour-les-partenaires-commerciaux\\\/#breadcrumb\",\"itemListElement\":[{\"@type\":\"ListItem\",\"position\":1,\"name\":\"Startseite\",\"item\":\"https:\\\/\\\/www.rsp.com\\\/fr\\\/\"},{\"@type\":\"ListItem\",\"position\":2,\"name\":\"D\u00e9claration de confidentialit\u00e9 pour les partenaires commerciaux\"}]},{\"@type\":\"WebSite\",\"@id\":\"https:\\\/\\\/www.rsp.com\\\/fr\\\/#website\",\"url\":\"https:\\\/\\\/www.rsp.com\\\/fr\\\/\",\"name\":\"RSP Saugbagger - Innovate work\",\"description\":\"Innovate Work\",\"publisher\":{\"@id\":\"https:\\\/\\\/www.rsp.com\\\/fr\\\/#organization\"},\"potentialAction\":[{\"@type\":\"SearchAction\",\"target\":{\"@type\":\"EntryPoint\",\"urlTemplate\":\"https:\\\/\\\/www.rsp.com\\\/fr\\\/?s={search_term_string}\"},\"query-input\":{\"@type\":\"PropertyValueSpecification\",\"valueRequired\":true,\"valueName\":\"search_term_string\"}}],\"inLanguage\":\"fr-FR\"},{\"@type\":\"Organization\",\"@id\":\"https:\\\/\\\/www.rsp.com\\\/fr\\\/#organization\",\"name\":\"RSP GmbH &amp; co. KG\",\"alternateName\":\"RSP\",\"url\":\"https:\\\/\\\/www.rsp.com\\\/fr\\\/\",\"logo\":{\"@type\":\"ImageObject\",\"inLanguage\":\"fr-FR\",\"@id\":\"https:\\\/\\\/www.rsp.com\\\/fr\\\/#\\\/schema\\\/logo\\\/image\\\/\",\"url\":\"https:\\\/\\\/www.rsp.com\\\/wp-content\\\/uploads\\\/2025\\\/03\\\/RSP_Logo-cross_Color-pos_sRGB.svg\",\"contentUrl\":\"https:\\\/\\\/www.rsp.com\\\/wp-content\\\/uploads\\\/2025\\\/03\\\/RSP_Logo-cross_Color-pos_sRGB.svg\",\"width\":82,\"height\":82,\"caption\":\"RSP GmbH &amp; co. KG\"},\"image\":{\"@id\":\"https:\\\/\\\/www.rsp.com\\\/fr\\\/#\\\/schema\\\/logo\\\/image\\\/\"},\"sameAs\":[\"http:\\\/\\\/www.facebook.com\\\/saugbagger\",\"https:\\\/\\\/www.instagram.com\\\/suctionexcavator\",\"https:\\\/\\\/www.linkedin.com\\\/company\\\/reschwitzer-saugbagger-produktions-gmbh-rsp-gmbh-\\\/\",\"http:\\\/\\\/www.youtube.com\\\/user\\\/RSPSuctionExcavator\"],\"description\":\"Die RSP GmbH & Co. KG ist f\u00fchrender Hersteller von Saugbaggern und Spezialfahrzeugen f\u00fcr den Einsatz in der Bau-, Versorgungs- und Kommunalwirtschaft. Mit \u00fcber 30 Jahren Erfahrung, einem internationalen Vertriebsnetz und innovativer Technologie bietet RSP leistungsstarke L\u00f6sungen f\u00fcr sicheres und effizientes Arbeiten \u2013 Made in Germany.\",\"email\":\"info@rsp-germany.com\",\"telephone\":\"+49367157210\",\"legalName\":\"RSP GmbH & Co. KG\",\"foundingDate\":\"1993-04-01\",\"vatID\":\"DE158276339\",\"numberOfEmployees\":{\"@type\":\"QuantitativeValue\",\"minValue\":\"501\",\"maxValue\":\"1000\"}}]}<\/script>\n<!-- \/ Yoast SEO Premium plugin. -->","yoast_head_json":{"title":"D\u00e9claration de confidentialit\u00e9 pour les partenaires commerciaux - RSP","robots":{"index":"index","follow":"follow","max-snippet":"max-snippet:-1","max-image-preview":"max-image-preview:large","max-video-preview":"max-video-preview:-1"},"canonical":"https:\/\/www.rsp.com\/fr\/declaration-de-confidentialite-pour-les-partenaires-commerciaux\/","og_locale":"fr_FR","og_type":"article","og_title":"D\u00e9claration de confidentialit\u00e9 pour les partenaires commerciaux","og_description":"D\u00e9claration de confidentialit\u00e9 pour les partenaires commerciaux Informations sur la protection des donn\u00e9es de RSP GmbH &amp; Co. KG pour les partenaires commerciaux Derni\u00e8re mise \u00e0 jour : ao\u00fbt 2023 La pr\u00e9sente d\u00e9claration de confidentialit\u00e9 vous explique comment les entreprises du groupe RSP (ci-apr\u00e8s \u00e9galement \u00ab\u00a0nous\u00a0\u00bb) traitent vos donn\u00e9es \u00e0 caract\u00e8re personnel. Les entreprises du [&hellip;]","og_url":"https:\/\/www.rsp.com\/fr\/declaration-de-confidentialite-pour-les-partenaires-commerciaux\/","og_site_name":"RSP","article_publisher":"http:\/\/www.facebook.com\/saugbagger","article_modified_time":"2026-03-19T16:55:49+00:00","twitter_card":"summary_large_image","twitter_misc":{"Dur\u00e9e de lecture estim\u00e9e":"12 minutes"},"schema":{"@context":"https:\/\/schema.org","@graph":[{"@type":"WebPage","@id":"https:\/\/www.rsp.com\/fr\/declaration-de-confidentialite-pour-les-partenaires-commerciaux\/","url":"https:\/\/www.rsp.com\/fr\/declaration-de-confidentialite-pour-les-partenaires-commerciaux\/","name":"D\u00e9claration de confidentialit\u00e9 pour les partenaires commerciaux - RSP","isPartOf":{"@id":"https:\/\/www.rsp.com\/fr\/#website"},"datePublished":"2025-03-12T12:29:05+00:00","dateModified":"2026-03-19T16:55:49+00:00","breadcrumb":{"@id":"https:\/\/www.rsp.com\/fr\/declaration-de-confidentialite-pour-les-partenaires-commerciaux\/#breadcrumb"},"inLanguage":"fr-FR","potentialAction":[{"@type":"ReadAction","target":["https:\/\/www.rsp.com\/fr\/declaration-de-confidentialite-pour-les-partenaires-commerciaux\/"]}]},{"@type":"BreadcrumbList","@id":"https:\/\/www.rsp.com\/fr\/declaration-de-confidentialite-pour-les-partenaires-commerciaux\/#breadcrumb","itemListElement":[{"@type":"ListItem","position":1,"name":"Startseite","item":"https:\/\/www.rsp.com\/fr\/"},{"@type":"ListItem","position":2,"name":"D\u00e9claration de confidentialit\u00e9 pour les partenaires commerciaux"}]},{"@type":"WebSite","@id":"https:\/\/www.rsp.com\/fr\/#website","url":"https:\/\/www.rsp.com\/fr\/","name":"RSP Saugbagger - Innovate work","description":"Innovate Work","publisher":{"@id":"https:\/\/www.rsp.com\/fr\/#organization"},"potentialAction":[{"@type":"SearchAction","target":{"@type":"EntryPoint","urlTemplate":"https:\/\/www.rsp.com\/fr\/?s={search_term_string}"},"query-input":{"@type":"PropertyValueSpecification","valueRequired":true,"valueName":"search_term_string"}}],"inLanguage":"fr-FR"},{"@type":"Organization","@id":"https:\/\/www.rsp.com\/fr\/#organization","name":"RSP GmbH &amp; co. KG","alternateName":"RSP","url":"https:\/\/www.rsp.com\/fr\/","logo":{"@type":"ImageObject","inLanguage":"fr-FR","@id":"https:\/\/www.rsp.com\/fr\/#\/schema\/logo\/image\/","url":"https:\/\/www.rsp.com\/wp-content\/uploads\/2025\/03\/RSP_Logo-cross_Color-pos_sRGB.svg","contentUrl":"https:\/\/www.rsp.com\/wp-content\/uploads\/2025\/03\/RSP_Logo-cross_Color-pos_sRGB.svg","width":82,"height":82,"caption":"RSP GmbH &amp; co. KG"},"image":{"@id":"https:\/\/www.rsp.com\/fr\/#\/schema\/logo\/image\/"},"sameAs":["http:\/\/www.facebook.com\/saugbagger","https:\/\/www.instagram.com\/suctionexcavator","https:\/\/www.linkedin.com\/company\/reschwitzer-saugbagger-produktions-gmbh-rsp-gmbh-\/","http:\/\/www.youtube.com\/user\/RSPSuctionExcavator"],"description":"Die RSP GmbH & Co. KG ist f\u00fchrender Hersteller von Saugbaggern und Spezialfahrzeugen f\u00fcr den Einsatz in der Bau-, Versorgungs- und Kommunalwirtschaft. Mit \u00fcber 30 Jahren Erfahrung, einem internationalen Vertriebsnetz und innovativer Technologie bietet RSP leistungsstarke L\u00f6sungen f\u00fcr sicheres und effizientes Arbeiten \u2013 Made in Germany.","email":"info@rsp-germany.com","telephone":"+49367157210","legalName":"RSP GmbH & Co. KG","foundingDate":"1993-04-01","vatID":"DE158276339","numberOfEmployees":{"@type":"QuantitativeValue","minValue":"501","maxValue":"1000"}}]}},"_links":{"self":[{"href":"https:\/\/www.rsp.com\/fr\/wp-json\/wp\/v2\/pages\/1201","targetHints":{"allow":["GET"]}}],"collection":[{"href":"https:\/\/www.rsp.com\/fr\/wp-json\/wp\/v2\/pages"}],"about":[{"href":"https:\/\/www.rsp.com\/fr\/wp-json\/wp\/v2\/types\/page"}],"author":[{"embeddable":true,"href":"https:\/\/www.rsp.com\/fr\/wp-json\/wp\/v2\/users\/1"}],"replies":[{"embeddable":true,"href":"https:\/\/www.rsp.com\/fr\/wp-json\/wp\/v2\/comments?post=1201"}],"version-history":[{"count":1,"href":"https:\/\/www.rsp.com\/fr\/wp-json\/wp\/v2\/pages\/1201\/revisions"}],"predecessor-version":[{"id":16764,"href":"https:\/\/www.rsp.com\/fr\/wp-json\/wp\/v2\/pages\/1201\/revisions\/16764"}],"wp:attachment":[{"href":"https:\/\/www.rsp.com\/fr\/wp-json\/wp\/v2\/media?parent=1201"}],"curies":[{"name":"wp","href":"https:\/\/api.w.org\/{rel}","templated":true}]}}